{"id":377,"date":"2026-01-12T16:28:29","date_gmt":"2026-01-12T16:28:29","guid":{"rendered":"https:\/\/piteabusiness.se\/pitea-business-tour\/?page_id=377"},"modified":"2026-01-13T13:58:19","modified_gmt":"2026-01-13T13:58:19","slug":"regional-samverkan-ur-ett-naringslivsperspektiv","status":"publish","type":"page","link":"https:\/\/piteabusiness.se\/pitea-business-tour\/regional-samverkan-ur-ett-naringslivsperspektiv\/","title":{"rendered":"Regional samverkan ur ett n\u00e4ringslivsperspektiv"},"content":{"rendered":"\n<section class=\"pt-8 md:pt-8 lg:pt-8 pb-8 md:pb-8 lg:pb-8\">\n    <div class=\"holder\">\n        <div class=\"wysiwyg\">\n            <h2 class=\"heading-md mb-2\">Regional samverkan ur ett n\u00e4ringslivsperspektiv<\/h2>\n<div class=\"flex flex-col mb-2 gap-2 lg:flex-row lg:gap-4\">\n<p><span class=\"font-extrabold\">Tid:<\/span> Onsdag 18 februari, kl 11.00-13.00<\/p>\n<p><span class=\"font-extrabold\">Plats:<\/span>\u00a0Norrmalmias foaj\u00e9<\/p>\n<p><span class=\"font-extrabold\">V\u00e4rd:<\/span>\u00a0Pite\u00e5 kommun<\/p>\n<\/div>\n<p class=\"x_p1\" data-olk-copy-source=\"MessageBody\">Pite\u00e5 kommun bjuder in till ett samtal om hur n\u00e4ringsliv och kommun tillsammans kan skapa b\u00e4ttre f\u00f6ruts\u00e4ttningar f\u00f6r tillv\u00e4xt, utveckling och ett l\u00e5ngsiktigt h\u00e5llbart n\u00e4ringsliv. I en tid d\u00e4r Norrbotten st\u00e5r inf\u00f6r en historiskt stor omvandling, med b\u00e5de stora m\u00f6jligheter och tydliga utmaningar, blir samverkan viktigare \u00e4n n\u00e5gonsin.<\/p>\n<p class=\"x_p2\" aria-hidden=\"true\">\n<p class=\"x_p1\">Vi kommer att ber\u00f6ra fr\u00e5gor som infrastruktur, kompetensf\u00f6rs\u00f6rjning, h\u00e5llbarhet och innovation \u2013 men framf\u00f6r allt hur vi, genom regionalt samarbete och gemensamma kraftsamlingar, kan m\u00f6ta framtiden p\u00e5 ett klokt och h\u00e5llbart s\u00e4tt. N\u00e4r vi \u00e4r f\u00f6r f\u00e5 m\u00e4nniskor f\u00f6r att l\u00f6sa alla utmaningar var f\u00f6r sig, blir det tydligt att ensam inte \u00e4r stark. Det \u00e4r f\u00f6rst n\u00e4r vi krokar arm \u00f6ver kommun- och organisationsgr\u00e4nser som verklig utveckling kan ta fart.<\/p>\n<p class=\"x_p2\" aria-hidden=\"true\">\n<p class=\"x_p1\">Under programmet f\u00f6rs samtalet vidare i form av panelsamtal tillsammans med fem framst\u00e5ende profiler fr\u00e5n Norrbotten och V\u00e4sterbotten, som alla p\u00e5 olika s\u00e4tt arbetar n\u00e4ra n\u00e4ringslivs- och samh\u00e4llsutvecklingsfr\u00e5gor. Panelen bidrar med perspektiv, erfarenheter och konkreta exempel p\u00e5 hur samverkan kan se ut i praktiken \u2013 och vilka v\u00e4gval som v\u00e4ntar fram\u00e5t.<\/p>\n<p class=\"x_p2\" aria-hidden=\"true\">\n<p class=\"x_p1\">I panelen medverkar bland andra:<\/p>\n<p class=\"x_p1\"><b><span lang=\"EN-US\">Thomas F\u00e4german<\/span><\/b><span lang=\"EN-US\">, VD, Boden Business Park<\/span><\/p>\n<p class=\"x_p1\"><b>Alexander Kult<\/b>, s\u00e4rskild samordnare, G\u00e4llivare kommun<\/p>\n<p class=\"x_p1\"><b>Mats Berg<\/b>, utvecklingschef, Pite\u00e5 kommun<\/p>\n<p class=\"x_p2\" aria-hidden=\"true\">\n<p class=\"x_p3\">Samtalet syftar till att skapa f\u00f6rst\u00e5else, inspiration och nya kontaktytor \u2013 men ocks\u00e5 till att l\u00e4gga grunden f\u00f6r fortsatt dialog och samarbete. F\u00f6r framtidens n\u00e4ringsliv i Norrbotten formas inte av en akt\u00f6r ensam, utan av m\u00e5nga som v\u00e4ljer att g\u00f6ra det tillsammans.<\/p>\n        <\/div>\n    <\/div>\n<\/section>\n\n\n\n<section class=\"pt-8 md:pt-8 lg:pt-8 pb-8 md:pb-8 lg:pb-8\">\n    <div class=\"holder\">\n        <div class=\"flex flex-col-reverse lg:grid lg:grid-cols-12 lg:gap-8 bg-darkblue rounded-3xl\">\n            <div class=\"text-white lg:col-span-7 p-4 lg:p-16 flex flex-col\">\n                <h2 class=\"heading-md mb-3 lg:mb-6\">Boka h\u00e4r!<\/h2>\n                <p class=\"body-l mb-3 lg:mb-6\">Boka din plats s\u00e5 snart som m\u00f6jligt. \u00c4r det fullbokat? Anm\u00e4l dig \u00e4nd\u00e5! Vid avbokningar eller extra platser f\u00e5r du ett mail via Simple Signup. \r\nGl\u00f6m inte att avboka vid f\u00f6rhinder, s\u00e5 fler f\u00e5r chansen att delta! (vid avbokning maila jenni.kempelindberg@pitea.se)  <br><br> <\/p>\n                                    <a class=\"btn mr-auto\" href=\"https:\/\/simplesignup.se\/event\/232973-regional-samverkan-ur-ett-naeringslivsperspektiv\" target=\"_blank\">Boka plats<\/a>\n                            <\/div>\n            <div class=\"lg:col-span-5\">\n                <picture class=\"w-full\"><img decoding=\"async\" src=\"https:\/\/images.ohmyhosting.se\/4BD4dElMgvce89olFMIjtSby7mw=\/528x412\/smart\/filters:quality(85)\/https%3A%2F%2Fpiteabusiness.se%2Fwp-content%2Fuploads%2Fsites%2F2%2F2024%2F11%2FProgrammet-ar-slappt.png\" srcset=\"https:\/\/images.ohmyhosting.se\/4BD4dElMgvce89olFMIjtSby7mw=\/528x412\/smart\/filters:quality(85)\/https%3A%2F%2Fpiteabusiness.se%2Fwp-content%2Fuploads%2Fsites%2F2%2F2024%2F11%2FProgrammet-ar-slappt.png 1x, https:\/\/images.ohmyhosting.se\/wXJFMu0c43ZiGlZLfO5vi1ONPMM=\/1056x824\/smart\/filters:quality(85)\/https%3A%2F%2Fpiteabusiness.se%2Fwp-content%2Fuploads%2Fsites%2F2%2F2024%2F11%2FProgrammet-ar-slappt.png 2x\" alt=\"\" class=\"w-full object-cover h-full w-full rounded-tr-3xl rounded-tl-3xl lg:rounded-tl-0 lg:rounded-br-3xl\" \/><\/picture>            <\/div>\n        <\/div>\n    <\/div>\n<\/section>","protected":false},"excerpt":{"rendered":"","protected":false},"author":2,"featured_media":0,"parent":0,"menu_order":0,"comment_status":"closed","ping_status":"closed","template":"","meta":{"_acf_changed":false,"footnotes":""},"class_list":["post-377","page","type-page","status-publish","hentry"],"yoast_head":"<!-- This site is optimized with the Yoast SEO plugin v27.4 - https:\/\/yoast.com\/product\/yoast-seo-wordpress\/ -->\n<title>Regional samverkan ur ett n\u00e4ringslivsperspektiv - Pite\u00e5 Business Tour<\/title>\n<meta name=\"robots\" content=\"index, follow, max-snippet:-1, max-image-preview:large, max-video-preview:-1\" \/>\n<link rel=\"canonical\" href=\"https:\/\/piteabusiness.se\/pitea-business-tour\/regional-samverkan-ur-ett-naringslivsperspektiv\/\" \/>\n<meta property=\"og:locale\" content=\"sv_SE\" \/>\n<meta property=\"og:type\" content=\"article\" \/>\n<meta property=\"og:title\" content=\"Regional samverkan ur ett n\u00e4ringslivsperspektiv - Pite\u00e5 Business Tour\" \/>\n<meta property=\"og:url\" content=\"https:\/\/piteabusiness.se\/pitea-business-tour\/regional-samverkan-ur-ett-naringslivsperspektiv\/\" \/>\n<meta property=\"og:site_name\" content=\"Pite\u00e5 Business Tour\" \/>\n<meta property=\"article:publisher\" content=\"https:\/\/www.facebook.com\/PiteaBusiness\/\" \/>\n<meta property=\"article:modified_time\" content=\"2026-01-13T13:58:19+00:00\" \/>\n<meta name=\"twitter:card\" content=\"summary_large_image\" \/>\n<script type=\"application\/ld+json\" class=\"yoast-schema-graph\">{\"@context\":\"https:\\\/\\\/schema.org\",\"@graph\":[{\"@type\":\"WebPage\",\"@id\":\"https:\\\/\\\/piteabusiness.se\\\/pitea-business-tour\\\/regional-samverkan-ur-ett-naringslivsperspektiv\\\/\",\"url\":\"https:\\\/\\\/piteabusiness.se\\\/pitea-business-tour\\\/regional-samverkan-ur-ett-naringslivsperspektiv\\\/\",\"name\":\"Regional samverkan ur ett n\u00e4ringslivsperspektiv - Pite\u00e5 Business Tour\",\"isPartOf\":{\"@id\":\"https:\\\/\\\/piteabusiness.se\\\/pitea-business-tour\\\/#website\"},\"datePublished\":\"2026-01-12T16:28:29+00:00\",\"dateModified\":\"2026-01-13T13:58:19+00:00\",\"breadcrumb\":{\"@id\":\"https:\\\/\\\/piteabusiness.se\\\/pitea-business-tour\\\/regional-samverkan-ur-ett-naringslivsperspektiv\\\/#breadcrumb\"},\"inLanguage\":\"sv-SE\",\"potentialAction\":[{\"@type\":\"ReadAction\",\"target\":[\"https:\\\/\\\/piteabusiness.se\\\/pitea-business-tour\\\/regional-samverkan-ur-ett-naringslivsperspektiv\\\/\"]}]},{\"@type\":\"BreadcrumbList\",\"@id\":\"https:\\\/\\\/piteabusiness.se\\\/pitea-business-tour\\\/regional-samverkan-ur-ett-naringslivsperspektiv\\\/#breadcrumb\",\"itemListElement\":[{\"@type\":\"ListItem\",\"position\":1,\"name\":\"Home\",\"item\":\"https:\\\/\\\/piteabusiness.se\\\/pitea-business-tour\\\/\"},{\"@type\":\"ListItem\",\"position\":2,\"name\":\"Regional samverkan ur ett n\u00e4ringslivsperspektiv\"}]},{\"@type\":\"WebSite\",\"@id\":\"https:\\\/\\\/piteabusiness.se\\\/pitea-business-tour\\\/#website\",\"url\":\"https:\\\/\\\/piteabusiness.se\\\/pitea-business-tour\\\/\",\"name\":\"Pite\u00e5 Business Tour\",\"description\":\"\",\"publisher\":{\"@id\":\"https:\\\/\\\/piteabusiness.se\\\/pitea-business-tour\\\/#organization\"},\"potentialAction\":[{\"@type\":\"SearchAction\",\"target\":{\"@type\":\"EntryPoint\",\"urlTemplate\":\"https:\\\/\\\/piteabusiness.se\\\/pitea-business-tour\\\/?s={search_term_string}\"},\"query-input\":{\"@type\":\"PropertyValueSpecification\",\"valueRequired\":true,\"valueName\":\"search_term_string\"}}],\"inLanguage\":\"sv-SE\"},{\"@type\":\"Organization\",\"@id\":\"https:\\\/\\\/piteabusiness.se\\\/pitea-business-tour\\\/#organization\",\"name\":\"Pite\u00e5 Business Tour\",\"url\":\"https:\\\/\\\/piteabusiness.se\\\/pitea-business-tour\\\/\",\"logo\":{\"@type\":\"ImageObject\",\"inLanguage\":\"sv-SE\",\"@id\":\"https:\\\/\\\/piteabusiness.se\\\/pitea-business-tour\\\/#\\\/schema\\\/logo\\\/image\\\/\",\"url\":\"https:\\\/\\\/piteabusiness.se\\\/wp-content\\\/uploads\\\/sites\\\/2\\\/2024\\\/11\\\/og2.jpg\",\"contentUrl\":\"https:\\\/\\\/piteabusiness.se\\\/wp-content\\\/uploads\\\/sites\\\/2\\\/2024\\\/11\\\/og2.jpg\",\"width\":1200,\"height\":630,\"caption\":\"Pite\u00e5 Business Tour\"},\"image\":{\"@id\":\"https:\\\/\\\/piteabusiness.se\\\/pitea-business-tour\\\/#\\\/schema\\\/logo\\\/image\\\/\"},\"sameAs\":[\"https:\\\/\\\/www.facebook.com\\\/PiteaBusiness\\\/\"]}]}<\/script>\n<!-- \/ Yoast SEO plugin. -->","yoast_head_json":{"title":"Regional samverkan ur ett n\u00e4ringslivsperspektiv - Pite\u00e5 Business Tour","robots":{"index":"index","follow":"follow","max-snippet":"max-snippet:-1","max-image-preview":"max-image-preview:large","max-video-preview":"max-video-preview:-1"},"canonical":"https:\/\/piteabusiness.se\/pitea-business-tour\/regional-samverkan-ur-ett-naringslivsperspektiv\/","og_locale":"sv_SE","og_type":"article","og_title":"Regional samverkan ur ett n\u00e4ringslivsperspektiv - Pite\u00e5 Business Tour","og_url":"https:\/\/piteabusiness.se\/pitea-business-tour\/regional-samverkan-ur-ett-naringslivsperspektiv\/","og_site_name":"Pite\u00e5 Business Tour","article_publisher":"https:\/\/www.facebook.com\/PiteaBusiness\/","article_modified_time":"2026-01-13T13:58:19+00:00","twitter_card":"summary_large_image","schema":{"@context":"https:\/\/schema.org","@graph":[{"@type":"WebPage","@id":"https:\/\/piteabusiness.se\/pitea-business-tour\/regional-samverkan-ur-ett-naringslivsperspektiv\/","url":"https:\/\/piteabusiness.se\/pitea-business-tour\/regional-samverkan-ur-ett-naringslivsperspektiv\/","name":"Regional samverkan ur ett n\u00e4ringslivsperspektiv - Pite\u00e5 Business Tour","isPartOf":{"@id":"https:\/\/piteabusiness.se\/pitea-business-tour\/#website"},"datePublished":"2026-01-12T16:28:29+00:00","dateModified":"2026-01-13T13:58:19+00:00","breadcrumb":{"@id":"https:\/\/piteabusiness.se\/pitea-business-tour\/regional-samverkan-ur-ett-naringslivsperspektiv\/#breadcrumb"},"inLanguage":"sv-SE","potentialAction":[{"@type":"ReadAction","target":["https:\/\/piteabusiness.se\/pitea-business-tour\/regional-samverkan-ur-ett-naringslivsperspektiv\/"]}]},{"@type":"BreadcrumbList","@id":"https:\/\/piteabusiness.se\/pitea-business-tour\/regional-samverkan-ur-ett-naringslivsperspektiv\/#breadcrumb","itemListElement":[{"@type":"ListItem","position":1,"name":"Home","item":"https:\/\/piteabusiness.se\/pitea-business-tour\/"},{"@type":"ListItem","position":2,"name":"Regional samverkan ur ett n\u00e4ringslivsperspektiv"}]},{"@type":"WebSite","@id":"https:\/\/piteabusiness.se\/pitea-business-tour\/#website","url":"https:\/\/piteabusiness.se\/pitea-business-tour\/","name":"Pite\u00e5 Business Tour","description":"","publisher":{"@id":"https:\/\/piteabusiness.se\/pitea-business-tour\/#organization"},"potentialAction":[{"@type":"SearchAction","target":{"@type":"EntryPoint","urlTemplate":"https:\/\/piteabusiness.se\/pitea-business-tour\/?s={search_term_string}"},"query-input":{"@type":"PropertyValueSpecification","valueRequired":true,"valueName":"search_term_string"}}],"inLanguage":"sv-SE"},{"@type":"Organization","@id":"https:\/\/piteabusiness.se\/pitea-business-tour\/#organization","name":"Pite\u00e5 Business Tour","url":"https:\/\/piteabusiness.se\/pitea-business-tour\/","logo":{"@type":"ImageObject","inLanguage":"sv-SE","@id":"https:\/\/piteabusiness.se\/pitea-business-tour\/#\/schema\/logo\/image\/","url":"https:\/\/piteabusiness.se\/wp-content\/uploads\/sites\/2\/2024\/11\/og2.jpg","contentUrl":"https:\/\/piteabusiness.se\/wp-content\/uploads\/sites\/2\/2024\/11\/og2.jpg","width":1200,"height":630,"caption":"Pite\u00e5 Business Tour"},"image":{"@id":"https:\/\/piteabusiness.se\/pitea-business-tour\/#\/schema\/logo\/image\/"},"sameAs":["https:\/\/www.facebook.com\/PiteaBusiness\/"]}]}},"acf":[],"_links":{"self":[{"href":"https:\/\/piteabusiness.se\/pitea-business-tour\/wp-json\/wp\/v2\/pages\/377","targetHints":{"allow":["GET"]}}],"collection":[{"href":"https:\/\/piteabusiness.se\/pitea-business-tour\/wp-json\/wp\/v2\/pages"}],"about":[{"href":"https:\/\/piteabusiness.se\/pitea-business-tour\/wp-json\/wp\/v2\/types\/page"}],"author":[{"embeddable":true,"href":"https:\/\/piteabusiness.se\/pitea-business-tour\/wp-json\/wp\/v2\/users\/2"}],"replies":[{"embeddable":true,"href":"https:\/\/piteabusiness.se\/pitea-business-tour\/wp-json\/wp\/v2\/comments?post=377"}],"version-history":[{"count":2,"href":"https:\/\/piteabusiness.se\/pitea-business-tour\/wp-json\/wp\/v2\/pages\/377\/revisions"}],"predecessor-version":[{"id":397,"href":"https:\/\/piteabusiness.se\/pitea-business-tour\/wp-json\/wp\/v2\/pages\/377\/revisions\/397"}],"wp:attachment":[{"href":"https:\/\/piteabusiness.se\/pitea-business-tour\/wp-json\/wp\/v2\/media?parent=377"}],"curies":[{"name":"wp","href":"https:\/\/api.w.org\/{rel}","templated":true}]}}